{"id":2393,"date":"2024-03-25T23:09:58","date_gmt":"2024-03-25T21:09:58","guid":{"rendered":"https:\/\/santamonica.lv\/lagenergi-laserterapi\/"},"modified":"2024-12-29T19:25:19","modified_gmt":"2024-12-29T17:25:19","slug":"lagenergi-laserterapi","status":"publish","type":"page","link":"https:\/\/santamonica.lv\/sv\/lagenergi-laserterapi\/","title":{"rendered":"L\u00e5genergi laserterapi"},"content":{"rendered":"<style>.kb-row-layout-id1262_0471a4-83 > .kt-row-column-wrap{align-content:start;}:where(.kb-row-layout-id1262_0471a4-83 > .kt-row-column-wrap) > .wp-block-kadence-column{justify-content:start;}.kb-row-layout-id1262_0471a4-83 > .kt-row-column-wrap{column-gap:var(--global-kb-gap-md, 2rem);row-gap:var(--global-kb-gap-md, 2rem);max-width:var( --global-content-width, 1290px );padding-left:var(--global-content-edge-padding);padding-right:var(--global-content-edge-padding);padding-top:139px;padding-bottom:100px;grid-template-columns:minmax(0, 1fr);}.kb-row-layout-id1262_0471a4-83 > .kt-row-layout-overlay{opacity:0.16;background-color:var(--global-palette9, #ffffff);background-image:url('https:\/\/santamonica.lv\/wp-content\/uploads\/2024\/03\/intravenozais-lazers-weber.jpg');background-size:cover;background-position:62% 45%;background-attachment:scroll;background-repeat:no-repeat;mix-blend-mode:normal;}@media all and (max-width: 1024px){.kb-row-layout-id1262_0471a4-83 > .kt-row-column-wrap{padding-top:80px;padding-bottom:80px;grid-template-columns:minmax(0, 1fr);}}@media all and (max-width: 767px){.kb-row-layout-id1262_0471a4-83 > .kt-row-column-wrap{padding-top:100px;padding-right:30px;padding-bottom:100px;padding-left:30px;grid-template-columns:minmax(0, 1fr);}}<\/style><div class=\"kb-row-layout-wrap kb-row-layout-id1262_0471a4-83 alignnone has-theme-palette8-background-color kt-row-has-bg wp-block-kadence-rowlayout\"><div class=\"kt-row-layout-overlay kt-row-overlay-normal\"><\/div><div class=\"kt-row-column-wrap kt-has-1-columns kt-row-layout-equal kt-tab-layout-inherit kt-mobile-layout-row kt-row-valign-top kb-theme-content-width\">\n<style>.kadence-column1262_3fcdb0-02 > .kt-inside-inner-col,.kadence-column1262_3fcdb0-02 > .kt-inside-inner-col:before{border-top-left-radius:0px;border-top-right-radius:0px;border-bottom-right-radius:0px;border-bottom-left-radius:0px;}.kadence-column1262_3fcdb0-02 > .kt-inside-inner-col{column-gap:var(--global-kb-gap-sm, 1rem);}.kadence-column1262_3fcdb0-02 > .kt-inside-inner-col{flex-direction:column;}.kadence-column1262_3fcdb0-02 > .kt-inside-inner-col > .aligncenter{width:100%;}.kadence-column1262_3fcdb0-02 > .kt-inside-inner-col:before{opacity:0.3;}.kadence-column1262_3fcdb0-02{position:relative;}@media all and (max-width: 1024px){.kadence-column1262_3fcdb0-02 > .kt-inside-inner-col{padding-top:0px;padding-right:0px;padding-bottom:0px;padding-left:0px;flex-direction:column;justify-content:center;}}@media all and (max-width: 767px){.kadence-column1262_3fcdb0-02 > .kt-inside-inner-col{flex-direction:column;justify-content:center;}}<\/style>\n<div class=\"wp-block-kadence-column kadence-column1262_3fcdb0-02 inner-column-1\"><div class=\"kt-inside-inner-col\"><style>.kb-row-layout-id1262_b702f7-1b > .kt-row-column-wrap{align-content:start;}:where(.kb-row-layout-id1262_b702f7-1b > .kt-row-column-wrap) > .wp-block-kadence-column{justify-content:start;}.kb-row-layout-id1262_b702f7-1b > .kt-row-column-wrap{column-gap:var(--global-kb-gap-md, 2rem);row-gap:var(--global-kb-gap-md, 2rem);max-width:600px;margin-left:auto;margin-right:auto;padding-top:0px;padding-bottom:0px;grid-template-columns:minmax(0, 1fr);}.kb-row-layout-id1262_b702f7-1b > .kt-row-layout-overlay{opacity:0.30;}@media all and (max-width: 1024px){.kb-row-layout-id1262_b702f7-1b > .kt-row-column-wrap{padding-top:0px;padding-right:0px;padding-bottom:0px;padding-left:0px;grid-template-columns:minmax(0, 1fr);}}@media all and (max-width: 767px){.kb-row-layout-id1262_b702f7-1b > .kt-row-column-wrap{grid-template-columns:minmax(0, 1fr);}}<\/style><div class=\"kb-row-layout-wrap kb-row-layout-id1262_b702f7-1b alignnone wp-block-kadence-rowlayout\"><div class=\"kt-row-column-wrap kt-has-1-columns kt-row-layout-equal kt-tab-layout-inherit kt-mobile-layout-row kt-row-valign-top\">\n<style>.kadence-column1262_1eda3d-12 > .kt-inside-inner-col{padding-right:40px;padding-left:40px;}.kadence-column1262_1eda3d-12 > .kt-inside-inner-col,.kadence-column1262_1eda3d-12 > .kt-inside-inner-col:before{border-top-left-radius:0px;border-top-right-radius:0px;border-bottom-right-radius:0px;border-bottom-left-radius:0px;}.kadence-column1262_1eda3d-12 > .kt-inside-inner-col{column-gap:var(--global-kb-gap-sm, 1rem);}.kadence-column1262_1eda3d-12 > .kt-inside-inner-col{flex-direction:column;}.kadence-column1262_1eda3d-12 > .kt-inside-inner-col > .aligncenter{width:100%;}.kadence-column1262_1eda3d-12 > .kt-inside-inner-col:before{opacity:0.3;}.kadence-column1262_1eda3d-12{position:relative;}@media all and (max-width: 1024px){.kadence-column1262_1eda3d-12 > .kt-inside-inner-col{flex-direction:column;justify-content:center;}}@media all and (max-width: 767px){.kadence-column1262_1eda3d-12 > .kt-inside-inner-col{padding-right:0px;padding-left:0px;flex-direction:column;justify-content:center;}}<\/style>\n<div class=\"wp-block-kadence-column kadence-column1262_1eda3d-12 inner-column-1\"><div class=\"kt-inside-inner-col\"><style>.wp-block-kadence-advancedheading.kt-adv-heading1262_a38a76-50, .wp-block-kadence-advancedheading.kt-adv-heading1262_a38a76-50[data-kb-block=\"kb-adv-heading1262_a38a76-50\"]{padding-top:0px;padding-right:0px;padding-bottom:20px;padding-left:0px;margin-top:0px;margin-right:0px;margin-bottom:0px;margin-left:0px;text-align:center;font-style:normal;text-transform:capitalize;color:#171625;}.wp-block-kadence-advancedheading.kt-adv-heading1262_a38a76-50 mark.kt-highlight, .wp-block-kadence-advancedheading.kt-adv-heading1262_a38a76-50[data-kb-block=\"kb-adv-heading1262_a38a76-50\"] mark.kt-highlight{font-style:normal;color:#f76a0c;-webkit-box-decoration-break:clone;box-decoration-break:clone;padding-top:0px;padding-right:0px;padding-bottom:0px;padding-left:0px;}@media all and (max-width: 767px){.wp-block-kadence-advancedheading.kt-adv-heading1262_a38a76-50, .wp-block-kadence-advancedheading.kt-adv-heading1262_a38a76-50[data-kb-block=\"kb-adv-heading1262_a38a76-50\"]{font-size:var(--global-kb-font-size-lg, 2rem);}}<\/style>\n<h1 class=\"kt-adv-heading1262_a38a76-50 wp-block-kadence-advancedheading\" data-kb-block=\"kb-adv-heading1262_a38a76-50\"><strong>L\u00e5genergi laserterapi<\/strong><\/h1>\n<\/div><\/div>\n\n<\/div><\/div><\/div><\/div>\n\n<\/div><\/div><style>.kb-row-layout-id1262_e51dc9-56 > .kt-row-column-wrap{align-content:start;}:where(.kb-row-layout-id1262_e51dc9-56 > .kt-row-column-wrap) > .wp-block-kadence-column{justify-content:start;}.kb-row-layout-id1262_e51dc9-56 > .kt-row-column-wrap{column-gap:var(--global-kb-gap-md, 2rem);row-gap:var(--global-kb-gap-md, 2rem);max-width:var( --global-content-width, 1290px );padding-left:var(--global-content-edge-padding);padding-right:var(--global-content-edge-padding);padding-top:60px;padding-right:20px;padding-bottom:60px;padding-left:20px;grid-template-columns:repeat(2, minmax(0, 1fr));}.kb-row-layout-id1262_e51dc9-56 > .kt-row-layout-overlay{opacity:0.26;}@media all and (max-width: 1024px){.kb-row-layout-id1262_e51dc9-56 > .kt-row-column-wrap{padding-top:40px;padding-right:40px;padding-bottom:40px;padding-left:40px;grid-template-columns:repeat(2, minmax(0, 1fr));}}@media all and (max-width: 767px){.kb-row-layout-id1262_e51dc9-56 > .kt-row-column-wrap{padding-top:40px;padding-right:40px;padding-bottom:0px;padding-left:40px;grid-template-columns:minmax(0, 1fr);}}<\/style><div class=\"kb-row-layout-wrap kb-row-layout-id1262_e51dc9-56 alignnone wp-block-kadence-rowlayout\"><div class=\"kt-row-column-wrap kt-has-2-columns kt-row-layout-equal kt-tab-layout-inherit kt-mobile-layout-row kt-row-valign-top kb-theme-content-width\">\n<style>.kadence-column1262_a3e374-d6 > .kt-inside-inner-col{padding-top:0px;}.kadence-column1262_a3e374-d6 > .kt-inside-inner-col,.kadence-column1262_a3e374-d6 > .kt-inside-inner-col:before{border-top-left-radius:0px;border-top-right-radius:0px;border-bottom-right-radius:0px;border-bottom-left-radius:0px;}.kadence-column1262_a3e374-d6 > .kt-inside-inner-col{column-gap:var(--global-kb-gap-sm, 1rem);}.kadence-column1262_a3e374-d6 > .kt-inside-inner-col{flex-direction:column;}.kadence-column1262_a3e374-d6 > .kt-inside-inner-col > .aligncenter{width:100%;}.kadence-column1262_a3e374-d6 > .kt-inside-inner-col:before{opacity:0.3;}.kadence-column1262_a3e374-d6{position:relative;}@media all and (max-width: 1024px){.kadence-column1262_a3e374-d6 > .kt-inside-inner-col{flex-direction:column;justify-content:center;}}@media all and (max-width: 767px){.kadence-column1262_a3e374-d6 > .kt-inside-inner-col{flex-direction:column;justify-content:center;}}<\/style>\n<div class=\"wp-block-kadence-column kadence-column1262_a3e374-d6\"><div class=\"kt-inside-inner-col\">\n<h2 class=\"wp-block-heading\"><strong>L\u00e5genergi laserterapi eller fotodynamisk terapi<\/strong><\/h2>\n\n\n\n<p>Ljusstr\u00e5lning best\u00e5r av partiklar som har karakt\u00e4ren av v\u00e5gor. Dessa kallas fotoner. En foton \u00e4r till sin natur elektromagnetisk str\u00e5lning som besitter energi. N\u00e4r den verkar p\u00e5 molekyler och atomer sl\u00e5r den ut en elektron ur omloppsbana med sin energi, vilket resulterar i att en ny foton skapas och energi frig\u00f6rs.<\/p>\n\n\n\n<p>Laser \u2013 dessa \u00e4r monokromatiska v\u00e5gl\u00e4ngder, fokuserade ljusstr\u00e5lar med relativt h\u00f6g energi med en liten spridningsvinkel.<\/p>\n\n\n\n<p>Laserstr\u00e5lar p\u00e5verkar levande v\u00e4vnad p\u00e5 tre s\u00e4tt:<\/p>\n\n\n\n<ol class=\"wp-block-list\">\n<li><strong>Termisk<\/strong> \u2013 en lokal v\u00e4rmeeffekt uppst\u00e5r;<\/li>\n\n\n\n<li><strong>Mekaniskt<\/strong> \u2013 de skapar ultraljudsliknande sv\u00e4ngningar i v\u00e4vnaden;<\/li>\n\n\n\n<li><strong>Biologisk<\/strong> \u2013 p\u00e5verkar befintliga enzymer p\u00e5 cellniv\u00e5, p\u00e5verkar deras aktivitet etc.<\/li>\n<\/ol>\n\n\n\n<p>L\u00e5genergi laserterapi anv\u00e4nds ofta inom medicin.<\/p>\n\n\n\n<p>En l\u00e5genergilaser \u00e4r en icke-invasiv ljusk\u00e4lla som genererar ljus av en viss v\u00e5gl\u00e4ngd utan termiska, ljud- eller vibrationseffekter och orsakar biostimulering och fotobiomodulering i v\u00e4vnader. Som ett resultat minskar sm\u00e4rtan och cellerna stimuleras.<\/p>\n\n\n\n<h2 class=\"wp-block-heading\"><strong>Effekt av l\u00e5genergilaser p\u00e5 levande v\u00e4vnad:<\/strong><\/h2>\n\n\n\n<ul class=\"wp-block-list\">\n<li>Termisk och bioenergetisk effekt \u2013 ledning av impulser i nervceller f\u00f6rb\u00e4ttras och blodk\u00e4rlen expanderar;<\/li>\n\n\n\n<li>Biokemiska effekter \u2013 ATF-syntes fr\u00e4mjas, fibroblastmigrering f\u00f6rb\u00e4ttras, makrofagaktiviteten \u00f6kar, keratinocytaktiviteten \u00f6kar i huden, RNA-syntesen fr\u00e4mjas och enzymbildningen f\u00f6rb\u00e4ttras.<\/li>\n\n\n\n<li>Bioelektrisk effekt \u2013 aktiviteten hos jonkanalerna i cellmembranen f\u00f6rb\u00e4ttras, den intra- och extracellul\u00e4ra jongradienten f\u00f6r\u00e4ndras.<\/li>\n<\/ul>\n\n\n<style>.wp-block-kadence-advancedbtn.kb-btns1262_503665-b2{gap:var(--global-kb-gap-xs, 0.5rem );justify-content:flex-start;align-items:center;}.kt-btns1262_503665-b2 .kt-button{font-weight:normal;font-style:normal;}.kt-btns1262_503665-b2 .kt-btn-wrap-0{margin-right:5px;}.wp-block-kadence-advancedbtn.kt-btns1262_503665-b2 .kt-btn-wrap-0 .kt-button{color:#555555;border-color:#555555;}.wp-block-kadence-advancedbtn.kt-btns1262_503665-b2 .kt-btn-wrap-0 .kt-button:hover, .wp-block-kadence-advancedbtn.kt-btns1262_503665-b2 .kt-btn-wrap-0 .kt-button:focus{color:#ffffff;border-color:#444444;}.wp-block-kadence-advancedbtn.kt-btns1262_503665-b2 .kt-btn-wrap-0 .kt-button::before{display:none;}.wp-block-kadence-advancedbtn.kt-btns1262_503665-b2 .kt-btn-wrap-0 .kt-button:hover, .wp-block-kadence-advancedbtn.kt-btns1262_503665-b2 .kt-btn-wrap-0 .kt-button:focus{background:#444444;}<\/style>\n<div class=\"wp-block-kadence-advancedbtn kb-buttons-wrap kb-btns1262_503665-b2\"><style>ul.menu .wp-block-kadence-advancedbtn .kb-btn1262_ac0bdc-d0.kb-button{width:initial;}.wp-block-kadence-advancedbtn .kb-btn1262_ac0bdc-d0.kb-button{border-top-left-radius:100px;border-top-right-radius:100px;border-bottom-right-radius:100px;border-bottom-left-radius:100px;border-top:0px solid;border-right:0px solid;border-bottom:0px solid;border-left:0px solid;padding-top:var(--global-kb-spacing-xs, 1rem);padding-right:var(--global-kb-spacing-sm, 1.5rem);padding-bottom:var(--global-kb-spacing-xs, 1rem);padding-left:var(--global-kb-spacing-sm, 1.5rem);}.wp-block-kadence-advancedbtn .kb-btn1262_ac0bdc-d0.kb-button:hover, .wp-block-kadence-advancedbtn .kb-btn1262_ac0bdc-d0.kb-button:focus{background:#000000;}@media all and (max-width: 1024px){.wp-block-kadence-advancedbtn .kb-btn1262_ac0bdc-d0.kb-button{border-top:0px solid;border-right:0px solid;border-bottom:0px solid;border-left:0px solid;}}@media all and (max-width: 767px){.wp-block-kadence-advancedbtn .kb-btn1262_ac0bdc-d0.kb-button{border-top:0px solid;border-right:0px solid;border-bottom:0px solid;border-left:0px solid;}}<\/style><a class=\"kb-button kt-button button kb-btn1262_ac0bdc-d0 kt-btn-size-large kt-btn-width-type-auto kb-btn-global-fill  kt-btn-has-text-true kt-btn-has-svg-false  wp-block-kadence-singlebtn\" href=\"https:\/\/santamonica.lv\/sv\/ansok-om-besok\/\"><span class=\"kt-btn-inner-text\">Ans\u00f6k bes\u00f6k<\/span><\/a><\/div>\n<\/div><\/div>\n\n\n<style>.kadence-column1262_656f24-d3 > .kt-inside-inner-col,.kadence-column1262_656f24-d3 > .kt-inside-inner-col:before{border-top-left-radius:0px;border-top-right-radius:0px;border-bottom-right-radius:0px;border-bottom-left-radius:0px;}.kadence-column1262_656f24-d3 > .kt-inside-inner-col{column-gap:var(--global-kb-gap-sm, 1rem);}.kadence-column1262_656f24-d3 > .kt-inside-inner-col{flex-direction:column;}.kadence-column1262_656f24-d3 > .kt-inside-inner-col > .aligncenter{width:100%;}.kadence-column1262_656f24-d3 > .kt-inside-inner-col:before{opacity:0.3;}.kadence-column1262_656f24-d3{position:relative;}@media all and (max-width: 1024px){.kadence-column1262_656f24-d3 > .kt-inside-inner-col{flex-direction:column;justify-content:center;}}@media all and (max-width: 767px){.kadence-column1262_656f24-d3 > .kt-inside-inner-col{flex-direction:column;justify-content:center;}}<\/style>\n<div class=\"wp-block-kadence-column kadence-column1262_656f24-d3\"><div class=\"kt-inside-inner-col\">\n<h2 class=\"wp-block-heading\"><strong>Kliniska effekter:<\/strong><\/h2>\n\n\n\n<ol class=\"wp-block-list\">\n<li>Muskelsp\u00e4nningar, sm\u00e4rta och lokal blodcirkulation f\u00f6rb\u00e4ttras;<\/li>\n\n\n\n<li>R\u00f6rligheten i leder och bindv\u00e4v f\u00f6rb\u00e4ttras och v\u00e4vnadsl\u00e4kningsprocessen fr\u00e4mjas;<\/li>\n<\/ol>\n\n\n\n<p>L\u00e5genergi laserterapi anv\u00e4nds f\u00f6r att behandla h\u00e4lsoproblem som karpaltunnelsyndrom, fibromyalgi, artros, reumatoid artrit och icke-l\u00e4kande s\u00e5r. Denna terapi anv\u00e4nds ocks\u00e5 inom tandv\u00e5rden f\u00f6r att behandla inflammation i slemhinnorna.<\/p>\n\n\n\n<h2 class=\"wp-block-heading\"><strong>Fysiologiska effekter av laserterapi:<\/strong><\/h2>\n\n\n\n<ul class=\"wp-block-list\">\n<li>Aktivering av immunceller, vilket fr\u00e4mjar kampen mot inflammation och f\u00f6rb\u00e4ttrar v\u00e4vnadsl\u00e4kning. Fris\u00e4ttningen av endorfiner fr\u00e4mjas och ATF-produktion i nervceller p\u00e5skyndas;<\/li>\n\n\n\n<li>Mikrocirkulationen f\u00f6rb\u00e4ttras och fagocytos av leukocyter \u00f6kar. Som ett resultat stabiliseras cellmembranens biopotential. Stabilisering av membran minskar k\u00e4nslan av sm\u00e4rta;<\/li>\n\n\n\n<li>Fris\u00e4ttningen av inflammatoriska cytokiner minskar (produktion av interleukin 1 &#8211; IL-1);<\/li>\n\n\n\n<li>Syntesen av prostaglandiner, s\u00e4rskilt PG12, \u00f6kar, vilket orsakar vasodilatation, minskar trombocytaggregation och minskar inflammation.<\/li>\n\n\n\n<li>Jontransporten i cellerna f\u00f6rb\u00e4ttras &#8211; n\u00e4r natrium och kalcium ackumuleras i dem st\u00f6rs ATF-bildningen;<\/li>\n\n\n\n<li>\u00c5terst\u00e4llande av energimetabolism av skadade celler;<\/li>\n\n\n\n<li>Mer energi anv\u00e4nds f\u00f6r syntes av ATF;<\/li>\n<\/ul>\n\n\n\n<figure class=\"wp-block-image size-full\"><img loading=\"lazy\" decoding=\"async\" width=\"672\" height=\"378\" src=\"https:\/\/santamonica.lv\/wp-content\/uploads\/2024\/03\/lazerterapija.jpg\" alt=\"\" class=\"wp-image-1265\" srcset=\"https:\/\/santamonica.lv\/wp-content\/uploads\/2024\/03\/lazerterapija.jpg 672w, https:\/\/santamonica.lv\/wp-content\/uploads\/2024\/03\/lazerterapija-300x169.jpg 300w, https:\/\/santamonica.lv\/wp-content\/uploads\/2024\/03\/lazerterapija-600x338.jpg 600w\" sizes=\"auto, (max-width: 672px) 100vw, 672px\" \/><\/figure>\n<\/div><\/div>\n\n<\/div><\/div><style>.kb-row-layout-id1262_53f6e1-d3 > .kt-row-column-wrap{align-content:start;}:where(.kb-row-layout-id1262_53f6e1-d3 > .kt-row-column-wrap) > .wp-block-kadence-column{justify-content:start;}.kb-row-layout-id1262_53f6e1-d3 > .kt-row-column-wrap{column-gap:var(--global-kb-gap-md, 2rem);row-gap:var(--global-kb-gap-md, 2rem);max-width:var( --global-content-width, 1290px );padding-left:var(--global-content-edge-padding);padding-right:var(--global-content-edge-padding);padding-top:60px;padding-bottom:60px;grid-template-columns:minmax(0, 1fr);}.kb-row-layout-id1262_53f6e1-d3 > .kt-row-layout-overlay{opacity:0.30;}@media all and (max-width: 1024px){.kb-row-layout-id1262_53f6e1-d3 > .kt-row-column-wrap{padding-top:40px;padding-bottom:40px;grid-template-columns:minmax(0, 1fr);}}@media all and (max-width: 767px){.kb-row-layout-id1262_53f6e1-d3 > .kt-row-column-wrap{grid-template-columns:minmax(0, 1fr);}}<\/style><div class=\"kb-row-layout-wrap kb-row-layout-id1262_53f6e1-d3 alignnone has-theme-palette7-background-color kt-row-has-bg wp-block-kadence-rowlayout\"><div class=\"kt-row-column-wrap kt-has-1-columns kt-row-layout-equal kt-tab-layout-inherit kt-mobile-layout-row kt-row-valign-top kb-theme-content-width\">\n<style>.kadence-column1262_bffe36-96 > .kt-inside-inner-col,.kadence-column1262_bffe36-96 > .kt-inside-inner-col:before{border-top-left-radius:0px;border-top-right-radius:0px;border-bottom-right-radius:0px;border-bottom-left-radius:0px;}.kadence-column1262_bffe36-96 > .kt-inside-inner-col{column-gap:var(--global-kb-gap-sm, 1rem);}.kadence-column1262_bffe36-96 > .kt-inside-inner-col{flex-direction:column;}.kadence-column1262_bffe36-96 > .kt-inside-inner-col > .aligncenter{width:100%;}.kadence-column1262_bffe36-96 > .kt-inside-inner-col:before{opacity:0.3;}.kadence-column1262_bffe36-96{position:relative;}@media all and (max-width: 1024px){.kadence-column1262_bffe36-96 > .kt-inside-inner-col{flex-direction:column;justify-content:center;}}@media all and (max-width: 767px){.kadence-column1262_bffe36-96 > .kt-inside-inner-col{flex-direction:column;justify-content:center;}}<\/style>\n<div class=\"wp-block-kadence-column kadence-column1262_bffe36-96\"><div class=\"kt-inside-inner-col\">\n<h2 class=\"wp-block-heading\"><strong>Lokal laserterapi<\/strong><\/h2>\n\n\n\n<p><strong>Lokal laserterapi anv\u00e4nder r\u00f6da, bl\u00e5, gr\u00f6na och infrar\u00f6da ljusstr\u00e5lar. De skiljer sig i v\u00e5gl\u00e4ngd och f\u00f6rm\u00e5ga att penetrera v\u00e4vnader.<\/strong><\/p>\n\n\n\n<p><strong>Bl\u00e5tt laserljus<\/strong> \u2013 v\u00e5gl\u00e4ngden \u00e4r 405 nm och kan n\u00e5 v\u00e4vnaden p\u00e5 ett djup av 1-2 mm. Bl\u00e5tt ljus har en antibakteriell och antiinflammatorisk effekt, det fr\u00e4mjar fris\u00e4ttningen av kv\u00e4veoxid i v\u00e4vnader, vilket lokalt f\u00f6rb\u00e4ttrar v\u00e4vnadsmikrocirkulationen, och det stimulerar ocks\u00e5 mitokondrier i celler, vilket f\u00f6rb\u00e4ttrar \u00e4mnesoms\u00e4ttningen.<\/p>\n\n\n\n<p><strong>Gr\u00f6nt laserljus<\/strong> &#8211; v\u00e5gl\u00e4ngd 532 nm, kan penetrera v\u00e4vnader fr\u00e5n 0,5 &#8211; 1 cm. F\u00f6rb\u00e4ttrar syretillf\u00f6rseln till v\u00e4vnader, har en gynnsam effekt p\u00e5 blodk\u00e4rlsv\u00e4ggarna, normaliserar natrium-kaliumpumpar i erytrocytmembranen och fr\u00e4mjar mitokondriell aktivitet.<\/p>\n\n\n\n<p><strong>R\u00f6tt laserljus<\/strong> &#8211; v\u00e5gl\u00e4ngd 658 nm, kan n\u00e5 v\u00e4vnaden p\u00e5 ett djup av 2-3 cm. Fr\u00e4mjar hudens aktivitet och f\u00f6rb\u00e4ttrar mikrocirkulationen. Genom att verka p\u00e5 vissa typer av leukocyter stimulerar det immunsystemets aktivitet, \u00f6kar aktiviteten hos fibroblaster, fr\u00e4mjar s\u00e5rl\u00e4kning och stimulerar aktiviteten hos mitokondrier.<\/p>\n\n\n\n<p><strong>Infrar\u00f6d str\u00e5lning<\/strong> &#8211; v\u00e5gl\u00e4ngd 810 nm, penetrationsf\u00f6rm\u00e5ga i v\u00e4vnader fr\u00e5n 5 &#8211; 7 cm. Stimulerande mitokondrier fr\u00e4mjar fris\u00e4ttningen av ATF i celler, vilket lokalt f\u00f6rb\u00e4ttrar metaboliska processer.<\/p>\n<\/div><\/div>\n\n<\/div><\/div><style>.kb-row-layout-id1262_19879b-0d > .kt-row-column-wrap{align-content:start;}:where(.kb-row-layout-id1262_19879b-0d > .kt-row-column-wrap) > .wp-block-kadence-column{justify-content:start;}.kb-row-layout-id1262_19879b-0d > .kt-row-column-wrap{column-gap:var(--global-kb-gap-md, 2rem);row-gap:var(--global-kb-gap-md, 2rem);max-width:var( --global-content-width, 1290px );padding-left:var(--global-content-edge-padding);padding-right:var(--global-content-edge-padding);padding-top:60px;padding-bottom:60px;grid-template-columns:minmax(0, 1fr);}.kb-row-layout-id1262_19879b-0d > .kt-row-layout-overlay{opacity:0.30;}@media all and (max-width: 1024px){.kb-row-layout-id1262_19879b-0d > .kt-row-column-wrap{padding-top:40px;padding-bottom:40px;grid-template-columns:minmax(0, 1fr);}}@media all and (max-width: 767px){.kb-row-layout-id1262_19879b-0d > .kt-row-column-wrap{grid-template-columns:minmax(0, 1fr);}}<\/style><div class=\"kb-row-layout-wrap kb-row-layout-id1262_19879b-0d alignnone wp-block-kadence-rowlayout\"><div class=\"kt-row-column-wrap kt-has-1-columns kt-row-layout-equal kt-tab-layout-inherit kt-mobile-layout-row kt-row-valign-top kb-theme-content-width\">\n<style>.kadence-column1262_56c925-d7 > .kt-inside-inner-col,.kadence-column1262_56c925-d7 > .kt-inside-inner-col:before{border-top-left-radius:0px;border-top-right-radius:0px;border-bottom-right-radius:0px;border-bottom-left-radius:0px;}.kadence-column1262_56c925-d7 > .kt-inside-inner-col{column-gap:var(--global-kb-gap-sm, 1rem);}.kadence-column1262_56c925-d7 > .kt-inside-inner-col{flex-direction:column;}.kadence-column1262_56c925-d7 > .kt-inside-inner-col > .aligncenter{width:100%;}.kadence-column1262_56c925-d7 > .kt-inside-inner-col:before{opacity:0.3;}.kadence-column1262_56c925-d7{position:relative;}@media all and (max-width: 1024px){.kadence-column1262_56c925-d7 > .kt-inside-inner-col{flex-direction:column;justify-content:center;}}@media all and (max-width: 767px){.kadence-column1262_56c925-d7 > .kt-inside-inner-col{flex-direction:column;justify-content:center;}}<\/style>\n<div class=\"wp-block-kadence-column kadence-column1262_56c925-d7\"><div class=\"kt-inside-inner-col\">\n<h2 class=\"wp-block-heading\"><strong>Intraven\u00f6s eller endovaskul\u00e4r fotodynamisk terapi<\/strong><\/h2>\n\n\n\n<p>Intraven\u00f6s laserterapi har anv\u00e4nts som medicinsk metod sedan 1981. Inledningsvis anv\u00e4ndes det f\u00f6r att f\u00f6rb\u00e4ttra de reologiska egenskaperna hos blod hos patienter efter hj\u00e4rtinfarkt.<\/p>\n\n\n\n<p>Den utf\u00f6rs med l\u00e5genergilaserstr\u00e5lar (1-5mW), exponeringstiden \u00e4r fr\u00e5n 20-60 minuter. Behandlingsf\u00f6rloppet \u00e4r i genomsnitt 10 g\u00e5nger, varje dag eller 3 g\u00e5nger i veckan. Under denna procedur f\u00f6rs en intraven\u00f6s kanyl in i en ven i armb\u00e5gen eller handleden, sedan f\u00e4sts en kateter och ljusk\u00e4lla.<\/p>\n<\/div><\/div>\n\n<\/div><\/div><style>.kb-row-layout-id1262_425bb0-ea > .kt-row-column-wrap{align-content:start;}:where(.kb-row-layout-id1262_425bb0-ea > .kt-row-column-wrap) > .wp-block-kadence-column{justify-content:start;}.kb-row-layout-id1262_425bb0-ea > .kt-row-column-wrap{column-gap:var(--global-kb-gap-md, 2rem);row-gap:var(--global-kb-gap-md, 2rem);max-width:var( --global-content-width, 1290px );padding-left:var(--global-content-edge-padding);padding-right:var(--global-content-edge-padding);padding-top:60px;padding-bottom:60px;grid-template-columns:minmax(0, 1fr);}.kb-row-layout-id1262_425bb0-ea > .kt-row-layout-overlay{opacity:0.30;}@media all and (max-width: 1024px){.kb-row-layout-id1262_425bb0-ea > .kt-row-column-wrap{padding-top:40px;padding-bottom:40px;grid-template-columns:minmax(0, 1fr);}}@media all and (max-width: 767px){.kb-row-layout-id1262_425bb0-ea > .kt-row-column-wrap{grid-template-columns:minmax(0, 1fr);}}<\/style><div class=\"kb-row-layout-wrap kb-row-layout-id1262_425bb0-ea alignnone has-theme-palette8-background-color kt-row-has-bg wp-block-kadence-rowlayout\"><div class=\"kt-row-column-wrap kt-has-1-columns kt-row-layout-equal kt-tab-layout-inherit kt-mobile-layout-row kt-row-valign-top kb-theme-content-width\">\n<style>.kadence-column1262_b4b3f8-db > .kt-inside-inner-col,.kadence-column1262_b4b3f8-db > .kt-inside-inner-col:before{border-top-left-radius:0px;border-top-right-radius:0px;border-bottom-right-radius:0px;border-bottom-left-radius:0px;}.kadence-column1262_b4b3f8-db > .kt-inside-inner-col{column-gap:var(--global-kb-gap-sm, 1rem);}.kadence-column1262_b4b3f8-db > .kt-inside-inner-col{flex-direction:column;}.kadence-column1262_b4b3f8-db > .kt-inside-inner-col > .aligncenter{width:100%;}.kadence-column1262_b4b3f8-db > .kt-inside-inner-col:before{opacity:0.3;}.kadence-column1262_b4b3f8-db{position:relative;}@media all and (max-width: 1024px){.kadence-column1262_b4b3f8-db > .kt-inside-inner-col{flex-direction:column;justify-content:center;}}@media all and (max-width: 767px){.kadence-column1262_b4b3f8-db > .kt-inside-inner-col{flex-direction:column;justify-content:center;}}<\/style>\n<div class=\"wp-block-kadence-column kadence-column1262_b4b3f8-db\"><div class=\"kt-inside-inner-col\">\n<h2 class=\"wp-block-heading\"><strong>Ljusk\u00e4nsliga \u00e4mnen<\/strong><\/h2>\n\n\n\n<p>Ljusk\u00e4nsliga \u00e4mnen anv\u00e4nds i intraven\u00f6s laserterapi f\u00f6r att underl\u00e4tta \u00f6verf\u00f6ringen av ljusenergi. De har f\u00f6rm\u00e5gan att absorbera ljusv\u00e5gor av en viss v\u00e5gl\u00e4ngd och \u00f6verf\u00f6ra dem till n\u00e4rliggande molekyler. Dessa \u00e4mnen har selektivitet i vissa v\u00e4vnader, d\u00e4r de ackumuleras och \u00f6verf\u00f6r ljusenergi till celler. Genom att aktivera mitokondriernas membran i cellerna bidrar de till den intracellul\u00e4rt programmerade celld\u00f6den eller apoptosen. D\u00e4rf\u00f6r anv\u00e4nds dessa substanser och fotodynamisk terapi ocks\u00e5 i stor utstr\u00e4ckning inom integrativ onkologi.<\/p>\n\n\n\n<p>Ljusk\u00e4nsliga \u00e4mnen \u00e4r vanligtvis vattenl\u00f6sliga s\u00e5 att de l\u00e4ttare kan transporteras genom hela kroppen. De \u00e4r inte giftiga i sig sj\u00e4lva, och de producerar inte heller giftiga metaboliska slutprodukter. De mest anv\u00e4nda f\u00e5s som extrakt fr\u00e5n v\u00e4xter.<\/p>\n\n\n\n<p>Ljusk\u00e4nsliga \u00e4mnen med en porfyrinliknande struktur &#8211; denna grupp inkluderar hematoporfyrinderivat, bensoporfyrinderivat, texapyrin, 5-aminolevulinsyra och klor E &#8211; 6.<\/p>\n\n\n\n<ul class=\"wp-block-list\">\n<li><strong>Aminovulinsyra<\/strong> eller ALA absorberar r\u00f6da laserstr\u00e5lar med en v\u00e5gl\u00e4ngd p\u00e5 630 nm. Det anv\u00e4nds inom dermatologi vid behandling av olika hudsjukdomar, s\u00e5v\u00e4l som vid behandling av hudcancer, bl\u00e5stum\u00f6r, ytliga tum\u00f6rer i huvudet, nacken och munh\u00e5lan.<\/li>\n\n\n\n<li><strong>Klor E-6<\/strong> anv\u00e4nds i stor utstr\u00e4ckning vid fotodynamisk terapi av tum\u00f6rer. Detta \u00e4mne erh\u00e5lls fr\u00e5n naturligt f\u00f6rekommande gr\u00f6nalger. De absorberar r\u00f6da ljusstr\u00e5lar med en v\u00e5gl\u00e4ngd p\u00e5 660 nm mycket bra. Under terapier binder de tum\u00f6rceller med stor precision och fr\u00e4mjar deras f\u00f6rst\u00f6relse. Det elimineras helt fr\u00e5n kroppen inom 48 timmar. Redan inom n\u00e5gra timmar efter fotodynamisk terapi initierar klor E6 tum\u00f6rv\u00e4vnadsapoptos och orsakar cellnekros. I fotodynamisk terapi anv\u00e4nds den ocks\u00e5 med bl\u00e5tt ljus vid en v\u00e5gl\u00e4ngd p\u00e5 405 nm f\u00f6r diagnostiska \u00e4ndam\u00e5l f\u00f6r att lokalisera tum\u00f6rv\u00e4vnad. Andra klorliknande \u00e4mnen som ocks\u00e5 anv\u00e4nds \u00e4r kloriner, purpuriner och bakteriokloriner.<\/li>\n\n\n\n<li><strong>Curcumin<\/strong> \u2013 anv\u00e4nds ocks\u00e5 mycket ofta i fotodynamisk terapi. Den kommer fr\u00e5n v\u00e4xten Curcuma longa, som anv\u00e4nds flitigt som krydda. Curcuminer \u00e4r mycket bra p\u00e5 att absorbera bl\u00e5tt ljus med en v\u00e5gl\u00e4ngd p\u00e5 440 nm, \u00e4ven vid l\u00e5ga koncentrationer. Det \u00e4r mycket effektivt vid behandling av psoriasis, tum\u00f6rer, olika kroniska infektioner och andra sjukdomar. Denna substans har apoptosbefr\u00e4mjande, antiinflammatorisk, immunstimulerande och antitum\u00f6raktivitet. F\u00f6r n\u00e4rvarande kan curcumin k\u00f6pas som en renad infusionsl\u00f6sning, som binder mycket bra till plasmaalbuminer i blodet.<\/li>\n\n\n\n<li><strong>Hypericin<\/strong> \u2013 ett ljusk\u00e4nsligt \u00e4mne av vegetabiliskt ursprung, som erh\u00e5lls fr\u00e5n johannes\u00f6rt. Den absorberar gult ljus med en v\u00e5gl\u00e4ngd p\u00e5 589 nm v\u00e4l. Johannes\u00f6rtsextrakt best\u00e5r av hypericin, pseudohypericin och hyperforin. F\u00f6r n\u00e4rvarande finns 10 mg renat hypericin tillg\u00e4ngligt i injektionsflaskor f\u00f6r intraven\u00f6s administrering, som binder v\u00e4l till plasmaalbuminer. I fotodynamisk terapi anv\u00e4nds det i fall av tum\u00f6rer, depression, s\u00e5v\u00e4l som kroniska virus- och bakterieinfektioner.<\/li>\n\n\n\n<li><strong>Epigallocatechin gallate, eller EGCG<\/strong>, \u00e4r det nyaste ljusk\u00e4nsliga \u00e4mnet, som enligt sin kemiska struktur \u00e4r en polyfenol av gr\u00f6nt te. Den absorberar r\u00f6tt ljus v\u00e4l vid en v\u00e5gl\u00e4ngd p\u00e5 662 nm. Fotodynamisk terapi anv\u00e4nds vid behandling av tum\u00f6rer av olika uppkomst.<\/li>\n\n\n\n<li><strong>Riboflavin eller vitamin B2<\/strong> \u2013 det finns i alla aeroba organismer, s\u00e5v\u00e4l som i flera livsmedelsprodukter som mj\u00f6lk, j\u00e4st, \u00f6l, \u00e4gg och bladgr\u00f6nsaker. Det anses vara ett ljusk\u00e4nsligt \u00e4mne som kan anv\u00e4ndas mycket s\u00e4kert. Den absorberar synligt ljus v\u00e4l vid en v\u00e5gl\u00e4ngd p\u00e5 446 nm. Detta \u00e4mne bildas ocks\u00e5 i sm\u00e5 m\u00e4ngder i m\u00e4nniskokroppen och \u00e4r inte giftigt eller mutagent. \u00c4mnen bildas av roboflavin i kroppen, som sedan deltar i cellul\u00e4ra metaboliska processer som koenzymer.<\/li>\n<\/ul>\n<\/div><\/div>\n\n<\/div><\/div><style>.kb-row-layout-id1262_0d2241-9f > .kt-row-column-wrap{align-content:start;}:where(.kb-row-layout-id1262_0d2241-9f > .kt-row-column-wrap) > .wp-block-kadence-column{justify-content:start;}.kb-row-layout-id1262_0d2241-9f > .kt-row-column-wrap{column-gap:var(--global-kb-gap-md, 2rem);row-gap:var(--global-kb-gap-md, 2rem);max-width:var( --global-content-width, 1290px );padding-left:var(--global-content-edge-padding);padding-right:var(--global-content-edge-padding);padding-top:60px;padding-bottom:60px;grid-template-columns:repeat(2, minmax(0, 1fr));}.kb-row-layout-id1262_0d2241-9f > .kt-row-layout-overlay{opacity:0.30;}@media all and (max-width: 1024px){.kb-row-layout-id1262_0d2241-9f > .kt-row-column-wrap{padding-top:40px;padding-bottom:40px;grid-template-columns:repeat(2, minmax(0, 1fr));}}@media all and (max-width: 767px){.kb-row-layout-id1262_0d2241-9f > .kt-row-column-wrap{grid-template-columns:minmax(0, 1fr);}}<\/style><div class=\"kb-row-layout-wrap kb-row-layout-id1262_0d2241-9f alignnone wp-block-kadence-rowlayout\"><div class=\"kt-row-column-wrap kt-has-2-columns kt-row-layout-equal kt-tab-layout-inherit kt-mobile-layout-row kt-row-valign-top kb-theme-content-width\">\n<style>.kadence-column1262_51e0df-eb > .kt-inside-inner-col,.kadence-column1262_51e0df-eb > .kt-inside-inner-col:before{border-top-left-radius:0px;border-top-right-radius:0px;border-bottom-right-radius:0px;border-bottom-left-radius:0px;}.kadence-column1262_51e0df-eb > .kt-inside-inner-col{column-gap:var(--global-kb-gap-sm, 1rem);}.kadence-column1262_51e0df-eb > .kt-inside-inner-col{flex-direction:column;}.kadence-column1262_51e0df-eb > .kt-inside-inner-col > .aligncenter{width:100%;}.kadence-column1262_51e0df-eb > .kt-inside-inner-col:before{opacity:0.3;}.kadence-column1262_51e0df-eb{position:relative;}@media all and (max-width: 1024px){.kadence-column1262_51e0df-eb > .kt-inside-inner-col{flex-direction:column;justify-content:center;}}@media all and (max-width: 767px){.kadence-column1262_51e0df-eb > .kt-inside-inner-col{flex-direction:column;justify-content:center;}}<\/style>\n<div class=\"wp-block-kadence-column kadence-column1262_51e0df-eb\"><div class=\"kt-inside-inner-col\">\n<h2 class=\"wp-block-heading\"><strong>Biologiska effekter av intraven\u00f6s laserterapi:<\/strong><\/h2>\n\n\n\n<ul class=\"wp-block-list\">\n<li style=\"font-size:16px\">Cellmembranens biopotential normaliseras;<\/li>\n\n\n\n<li style=\"font-size:16px\">Det specifika och icke-specifika immunsvaret aktiveras;<\/li>\n\n\n\n<li style=\"font-size:16px\">M\u00e4ngden immunglobuliner IgG, IgM och IgA \u00f6kar i blodet;<\/li>\n\n\n\n<li style=\"font-size:16px\">Lymfocytproliferation \u00e4ger rum;<\/li>\n\n\n\n<li style=\"font-size:16px\">M\u00e4ngden interleukiner, interferoner och TNF alfa \u00f6kar i blodet;<\/li>\n\n\n\n<li style=\"font-size:16px\">Den fagocytiska aktiviteten hos makrofager \u00f6kar;<\/li>\n\n\n\n<li style=\"font-size:16px\">Indikatorer p\u00e5 inflammation i kroppen minskar;<\/li>\n\n\n\n<li style=\"font-size:16px\">Den antitoxiska effekten av antioxidanter f\u00f6rb\u00e4ttras;<\/li>\n\n\n\n<li style=\"font-size:16px\">Erytrocytregenerering och mikrocirkulation fr\u00e4mjas;<\/li>\n\n\n\n<li style=\"font-size:16px\">Trombocytaggregationen minskar;<\/li>\n\n\n\n<li style=\"font-size:16px\">Aktivering av fibrinolys;<\/li>\n\n\n\n<li style=\"font-size:16px\">Produktionen av kv\u00e4veoxid \u00f6kar i pl\u00e5ga, vilket fr\u00e4mjar expansionen av blodk\u00e4rlen och f\u00f6rhindrar endotelial dysfunktion;<\/li>\n\n\n\n<li style=\"font-size:16px\">ATF-produktionen \u00f6kar i mitokondrier, vilket f\u00f6rb\u00e4ttrar \u00e4mnesoms\u00e4ttningen.<\/li>\n<\/ul>\n<\/div><\/div>\n\n\n<style>.kadence-column1262_9bd66f-ba > .kt-inside-inner-col,.kadence-column1262_9bd66f-ba > .kt-inside-inner-col:before{border-top-left-radius:0px;border-top-right-radius:0px;border-bottom-right-radius:0px;border-bottom-left-radius:0px;}.kadence-column1262_9bd66f-ba > .kt-inside-inner-col{column-gap:var(--global-kb-gap-sm, 1rem);}.kadence-column1262_9bd66f-ba > .kt-inside-inner-col{flex-direction:column;}.kadence-column1262_9bd66f-ba > .kt-inside-inner-col > .aligncenter{width:100%;}.kadence-column1262_9bd66f-ba > .kt-inside-inner-col:before{opacity:0.3;}.kadence-column1262_9bd66f-ba{position:relative;}@media all and (max-width: 1024px){.kadence-column1262_9bd66f-ba > .kt-inside-inner-col{flex-direction:column;justify-content:center;}}@media all and (max-width: 767px){.kadence-column1262_9bd66f-ba > .kt-inside-inner-col{flex-direction:column;justify-content:center;}}<\/style>\n<div class=\"wp-block-kadence-column kadence-column1262_9bd66f-ba\"><div class=\"kt-inside-inner-col\">\n<figure class=\"wp-block-image size-large\"><img loading=\"lazy\" decoding=\"async\" width=\"1024\" height=\"574\" src=\"https:\/\/santamonica.lv\/wp-content\/uploads\/2024\/03\/intravenozais-lazers-weber-1024x574.jpg\" alt=\"\" class=\"wp-image-1268\" style=\"aspect-ratio:4\/3;object-fit:cover\" srcset=\"https:\/\/santamonica.lv\/wp-content\/uploads\/2024\/03\/intravenozais-lazers-weber-1024x574.jpg 1024w, https:\/\/santamonica.lv\/wp-content\/uploads\/2024\/03\/intravenozais-lazers-weber-300x168.jpg 300w, https:\/\/santamonica.lv\/wp-content\/uploads\/2024\/03\/intravenozais-lazers-weber-768x431.jpg 768w, https:\/\/santamonica.lv\/wp-content\/uploads\/2024\/03\/intravenozais-lazers-weber-1536x862.jpg 1536w, https:\/\/santamonica.lv\/wp-content\/uploads\/2024\/03\/intravenozais-lazers-weber-600x337.jpg 600w, https:\/\/santamonica.lv\/wp-content\/uploads\/2024\/03\/intravenozais-lazers-weber.jpg 1920w\" sizes=\"auto, (max-width: 1024px) 100vw, 1024px\" \/><\/figure>\n<\/div><\/div>\n\n<\/div><\/div><style>.kb-row-layout-id1262_7a1a4b-11 > .kt-row-column-wrap{align-content:start;}:where(.kb-row-layout-id1262_7a1a4b-11 > .kt-row-column-wrap) > .wp-block-kadence-column{justify-content:start;}.kb-row-layout-id1262_7a1a4b-11 > .kt-row-column-wrap{column-gap:var(--global-kb-gap-md, 2rem);row-gap:var(--global-kb-gap-md, 2rem);max-width:var( --global-content-width, 1290px );padding-left:var(--global-content-edge-padding);padding-right:var(--global-content-edge-padding);padding-top:60px;padding-bottom:60px;grid-template-columns:minmax(0, 1fr);}.kb-row-layout-id1262_7a1a4b-11 > .kt-row-layout-overlay{opacity:0.30;}@media all and (max-width: 1024px){.kb-row-layout-id1262_7a1a4b-11 > .kt-row-column-wrap{padding-top:40px;padding-bottom:40px;grid-template-columns:minmax(0, 1fr);}}@media all and (max-width: 767px){.kb-row-layout-id1262_7a1a4b-11 > .kt-row-column-wrap{grid-template-columns:minmax(0, 1fr);}}<\/style><div class=\"kb-row-layout-wrap kb-row-layout-id1262_7a1a4b-11 alignnone has-theme-palette7-background-color kt-row-has-bg wp-block-kadence-rowlayout\"><div class=\"kt-row-column-wrap kt-has-1-columns kt-row-layout-equal kt-tab-layout-inherit kt-mobile-layout-row kt-row-valign-top kb-theme-content-width\">\n<style>.kadence-column1262_e41e9a-45 > .kt-inside-inner-col,.kadence-column1262_e41e9a-45 > .kt-inside-inner-col:before{border-top-left-radius:0px;border-top-right-radius:0px;border-bottom-right-radius:0px;border-bottom-left-radius:0px;}.kadence-column1262_e41e9a-45 > .kt-inside-inner-col{column-gap:var(--global-kb-gap-sm, 1rem);}.kadence-column1262_e41e9a-45 > .kt-inside-inner-col{flex-direction:column;}.kadence-column1262_e41e9a-45 > .kt-inside-inner-col > .aligncenter{width:100%;}.kadence-column1262_e41e9a-45 > .kt-inside-inner-col:before{opacity:0.3;}.kadence-column1262_e41e9a-45{position:relative;}@media all and (max-width: 1024px){.kadence-column1262_e41e9a-45 > .kt-inside-inner-col{flex-direction:column;justify-content:center;}}@media all and (max-width: 767px){.kadence-column1262_e41e9a-45 > .kt-inside-inner-col{flex-direction:column;justify-content:center;}}<\/style>\n<div class=\"wp-block-kadence-column kadence-column1262_e41e9a-45\"><div class=\"kt-inside-inner-col\">\n<h2 class=\"wp-block-heading\"><strong>Anv\u00e4ndning av intraven\u00f6s laserterapi eller fotodynamisk terapi:<\/strong><\/h2>\n\n\n\n<ul class=\"wp-block-list\">\n<li style=\"font-size:16px\">Inom idrottsmedicin;<\/li>\n\n\n\n<li style=\"font-size:16px\">Behandling av autoimmuna, neurodegenerativa och kroniska inflammatoriska sjukdomar;<\/li>\n\n\n\n<li style=\"font-size:16px\">Behandling av kransk\u00e4rlssjukdom;<\/li>\n\n\n\n<li style=\"font-size:16px\">Behandling av fibromyalgi;<\/li>\n\n\n\n<li style=\"font-size:16px\">Vid behandling av tum\u00f6rer;<\/li>\n\n\n\n<li style=\"font-size:16px\">Behandling av kroniska sjukdomar i matsm\u00e4ltningskanalen;<\/li>\n\n\n\n<li style=\"font-size:16px\">Behandling av kroniska virus- och bakterieinfektioner;<\/li>\n\n\n\n<li style=\"font-size:16px\">Vid behandling av depression, Alzheimers sjukdom och demens;<\/li>\n\n\n\n<li style=\"font-size:16px\">Vid behandling av hudsjukdomar m.m.<\/li>\n<\/ul>\n<\/div><\/div>\n\n<\/div><\/div>","protected":false},"excerpt":{"rendered":"<p>L\u00e5genergi laserterapi L\u00e5genergi laserterapi eller fotodynamisk terapi Ljusstr\u00e5lning best\u00e5r av partiklar som har karakt\u00e4ren av v\u00e5gor. Dessa kallas fotoner. En foton \u00e4r till sin natur elektromagnetisk str\u00e5lning som besitter energi. N\u00e4r den verkar p\u00e5 molekyler och atomer sl\u00e5r den ut en elektron ur omloppsbana med sin energi, vilket resulterar i att en ny foton skapas&#8230;<\/p>\n","protected":false},"author":1,"featured_media":0,"parent":0,"menu_order":0,"comment_status":"closed","ping_status":"closed","template":"","meta":{"_acf_changed":false,"_uag_custom_page_level_css":"","_kadence_starter_templates_imported_post":false,"_kad_post_transparent":"","_kad_post_title":"hide","_kad_post_layout":"fullwidth","_kad_post_sidebar_id":"","_kad_post_content_style":"unboxed","_kad_post_vertical_padding":"hide","_kad_post_feature":"hide","_kad_post_feature_position":"","_kad_post_header":false,"_kad_post_footer":false,"footnotes":""},"class_list":["post-2393","page","type-page","status-publish","hentry"],"acf":[],"yoast_head":"<!-- This site is optimized with the Yoast SEO plugin v26.4 - https:\/\/yoast.com\/wordpress\/plugins\/seo\/ -->\n<title>L\u00e5genergi laserterapi - Santa Monica<\/title>\n<meta name=\"robots\" content=\"index, follow, max-snippet:-1, max-image-preview:large, max-video-preview:-1\" \/>\n<link rel=\"canonical\" href=\"https:\/\/santamonica.lv\/sv\/lagenergi-laserterapi\/\" \/>\n<meta property=\"og:locale\" content=\"sv_SE\" \/>\n<meta property=\"og:type\" content=\"article\" \/>\n<meta property=\"og:title\" content=\"L\u00e5genergi laserterapi - Santa Monica\" \/>\n<meta property=\"og:description\" content=\"L\u00e5genergi laserterapi L\u00e5genergi laserterapi eller fotodynamisk terapi Ljusstr\u00e5lning best\u00e5r av partiklar som har karakt\u00e4ren av v\u00e5gor. Dessa kallas fotoner. En foton \u00e4r till sin natur elektromagnetisk str\u00e5lning som besitter energi. N\u00e4r den verkar p\u00e5 molekyler och atomer sl\u00e5r den ut en elektron ur omloppsbana med sin energi, vilket resulterar i att en ny foton skapas...\" \/>\n<meta property=\"og:url\" content=\"https:\/\/santamonica.lv\/sv\/lagenergi-laserterapi\/\" \/>\n<meta property=\"og:site_name\" content=\"Santa Monica\" \/>\n<meta property=\"article:publisher\" content=\"https:\/\/www.facebook.com\/klinikasantamonica\" \/>\n<meta property=\"article:modified_time\" content=\"2024-12-29T17:25:19+00:00\" \/>\n<meta property=\"og:image\" content=\"https:\/\/santamonica.lv\/wp-content\/uploads\/2024\/03\/lazerterapija.jpg\" \/>\n\t<meta property=\"og:image:width\" content=\"672\" \/>\n\t<meta property=\"og:image:height\" content=\"378\" \/>\n\t<meta property=\"og:image:type\" content=\"image\/jpeg\" \/>\n<meta name=\"twitter:card\" content=\"summary_large_image\" \/>\n<meta name=\"twitter:label1\" content=\"Est. reading time\" \/>\n\t<meta name=\"twitter:data1\" content=\"8 minuter\" \/>\n<script type=\"application\/ld+json\" class=\"yoast-schema-graph\">{\"@context\":\"https:\/\/schema.org\",\"@graph\":[{\"@type\":\"WebPage\",\"@id\":\"https:\/\/santamonica.lv\/sv\/lagenergi-laserterapi\/\",\"url\":\"https:\/\/santamonica.lv\/sv\/lagenergi-laserterapi\/\",\"name\":\"L\u00e5genergi laserterapi - Santa Monica\",\"isPartOf\":{\"@id\":\"https:\/\/santamonica.lv\/sv\/#website\"},\"primaryImageOfPage\":{\"@id\":\"https:\/\/santamonica.lv\/sv\/lagenergi-laserterapi\/#primaryimage\"},\"image\":{\"@id\":\"https:\/\/santamonica.lv\/sv\/lagenergi-laserterapi\/#primaryimage\"},\"thumbnailUrl\":\"https:\/\/santamonica.lv\/wp-content\/uploads\/2024\/03\/lazerterapija.jpg\",\"datePublished\":\"2024-03-25T21:09:58+00:00\",\"dateModified\":\"2024-12-29T17:25:19+00:00\",\"breadcrumb\":{\"@id\":\"https:\/\/santamonica.lv\/sv\/lagenergi-laserterapi\/#breadcrumb\"},\"inLanguage\":\"sv-SE\",\"potentialAction\":[{\"@type\":\"ReadAction\",\"target\":[\"https:\/\/santamonica.lv\/sv\/lagenergi-laserterapi\/\"]}]},{\"@type\":\"ImageObject\",\"inLanguage\":\"sv-SE\",\"@id\":\"https:\/\/santamonica.lv\/sv\/lagenergi-laserterapi\/#primaryimage\",\"url\":\"https:\/\/santamonica.lv\/wp-content\/uploads\/2024\/03\/lazerterapija.jpg\",\"contentUrl\":\"https:\/\/santamonica.lv\/wp-content\/uploads\/2024\/03\/lazerterapija.jpg\"},{\"@type\":\"BreadcrumbList\",\"@id\":\"https:\/\/santamonica.lv\/sv\/lagenergi-laserterapi\/#breadcrumb\",\"itemListElement\":[{\"@type\":\"ListItem\",\"position\":1,\"name\":\"Home\",\"item\":\"https:\/\/santamonica.lv\/sv\/borjan\/\"},{\"@type\":\"ListItem\",\"position\":2,\"name\":\"L\u00e5genergi laserterapi\"}]},{\"@type\":\"WebSite\",\"@id\":\"https:\/\/santamonica.lv\/sv\/#website\",\"url\":\"https:\/\/santamonica.lv\/sv\/\",\"name\":\"Santa Monica\",\"description\":\"\",\"potentialAction\":[{\"@type\":\"SearchAction\",\"target\":{\"@type\":\"EntryPoint\",\"urlTemplate\":\"https:\/\/santamonica.lv\/sv\/?s={search_term_string}\"},\"query-input\":{\"@type\":\"PropertyValueSpecification\",\"valueRequired\":true,\"valueName\":\"search_term_string\"}}],\"inLanguage\":\"sv-SE\"}]}<\/script>\n<!-- \/ Yoast SEO plugin. -->","yoast_head_json":{"title":"L\u00e5genergi laserterapi - Santa Monica","robots":{"index":"index","follow":"follow","max-snippet":"max-snippet:-1","max-image-preview":"max-image-preview:large","max-video-preview":"max-video-preview:-1"},"canonical":"https:\/\/santamonica.lv\/sv\/lagenergi-laserterapi\/","og_locale":"sv_SE","og_type":"article","og_title":"L\u00e5genergi laserterapi - Santa Monica","og_description":"L\u00e5genergi laserterapi L\u00e5genergi laserterapi eller fotodynamisk terapi Ljusstr\u00e5lning best\u00e5r av partiklar som har karakt\u00e4ren av v\u00e5gor. Dessa kallas fotoner. En foton \u00e4r till sin natur elektromagnetisk str\u00e5lning som besitter energi. N\u00e4r den verkar p\u00e5 molekyler och atomer sl\u00e5r den ut en elektron ur omloppsbana med sin energi, vilket resulterar i att en ny foton skapas...","og_url":"https:\/\/santamonica.lv\/sv\/lagenergi-laserterapi\/","og_site_name":"Santa Monica","article_publisher":"https:\/\/www.facebook.com\/klinikasantamonica","article_modified_time":"2024-12-29T17:25:19+00:00","og_image":[{"width":672,"height":378,"url":"https:\/\/santamonica.lv\/wp-content\/uploads\/2024\/03\/lazerterapija.jpg","type":"image\/jpeg"}],"twitter_card":"summary_large_image","twitter_misc":{"Est. reading time":"8 minuter"},"schema":{"@context":"https:\/\/schema.org","@graph":[{"@type":"WebPage","@id":"https:\/\/santamonica.lv\/sv\/lagenergi-laserterapi\/","url":"https:\/\/santamonica.lv\/sv\/lagenergi-laserterapi\/","name":"L\u00e5genergi laserterapi - Santa Monica","isPartOf":{"@id":"https:\/\/santamonica.lv\/sv\/#website"},"primaryImageOfPage":{"@id":"https:\/\/santamonica.lv\/sv\/lagenergi-laserterapi\/#primaryimage"},"image":{"@id":"https:\/\/santamonica.lv\/sv\/lagenergi-laserterapi\/#primaryimage"},"thumbnailUrl":"https:\/\/santamonica.lv\/wp-content\/uploads\/2024\/03\/lazerterapija.jpg","datePublished":"2024-03-25T21:09:58+00:00","dateModified":"2024-12-29T17:25:19+00:00","breadcrumb":{"@id":"https:\/\/santamonica.lv\/sv\/lagenergi-laserterapi\/#breadcrumb"},"inLanguage":"sv-SE","potentialAction":[{"@type":"ReadAction","target":["https:\/\/santamonica.lv\/sv\/lagenergi-laserterapi\/"]}]},{"@type":"ImageObject","inLanguage":"sv-SE","@id":"https:\/\/santamonica.lv\/sv\/lagenergi-laserterapi\/#primaryimage","url":"https:\/\/santamonica.lv\/wp-content\/uploads\/2024\/03\/lazerterapija.jpg","contentUrl":"https:\/\/santamonica.lv\/wp-content\/uploads\/2024\/03\/lazerterapija.jpg"},{"@type":"BreadcrumbList","@id":"https:\/\/santamonica.lv\/sv\/lagenergi-laserterapi\/#breadcrumb","itemListElement":[{"@type":"ListItem","position":1,"name":"Home","item":"https:\/\/santamonica.lv\/sv\/borjan\/"},{"@type":"ListItem","position":2,"name":"L\u00e5genergi laserterapi"}]},{"@type":"WebSite","@id":"https:\/\/santamonica.lv\/sv\/#website","url":"https:\/\/santamonica.lv\/sv\/","name":"Santa Monica","description":"","potentialAction":[{"@type":"SearchAction","target":{"@type":"EntryPoint","urlTemplate":"https:\/\/santamonica.lv\/sv\/?s={search_term_string}"},"query-input":{"@type":"PropertyValueSpecification","valueRequired":true,"valueName":"search_term_string"}}],"inLanguage":"sv-SE"}]}},"uagb_featured_image_src":{"full":false,"thumbnail":false,"medium":false,"medium_large":false,"large":false,"1536x1536":false,"2048x2048":false,"woocommerce_thumbnail":false,"woocommerce_single":false,"woocommerce_gallery_thumbnail":false},"uagb_author_info":{"display_name":"admin","author_link":"https:\/\/santamonica.lv\/sv\/author\/admin\/"},"uagb_comment_info":0,"uagb_excerpt":"L\u00e5genergi laserterapi L\u00e5genergi laserterapi eller fotodynamisk terapi Ljusstr\u00e5lning best\u00e5r av partiklar som har karakt\u00e4ren av v\u00e5gor. Dessa kallas fotoner. En foton \u00e4r till sin natur elektromagnetisk str\u00e5lning som besitter energi. N\u00e4r den verkar p\u00e5 molekyler och atomer sl\u00e5r den ut en elektron ur omloppsbana med sin energi, vilket resulterar i att en ny foton skapas...","_links":{"self":[{"href":"https:\/\/santamonica.lv\/sv\/wp-json\/wp\/v2\/pages\/2393","targetHints":{"allow":["GET"]}}],"collection":[{"href":"https:\/\/santamonica.lv\/sv\/wp-json\/wp\/v2\/pages"}],"about":[{"href":"https:\/\/santamonica.lv\/sv\/wp-json\/wp\/v2\/types\/page"}],"author":[{"embeddable":true,"href":"https:\/\/santamonica.lv\/sv\/wp-json\/wp\/v2\/users\/1"}],"replies":[{"embeddable":true,"href":"https:\/\/santamonica.lv\/sv\/wp-json\/wp\/v2\/comments?post=2393"}],"version-history":[{"count":2,"href":"https:\/\/santamonica.lv\/sv\/wp-json\/wp\/v2\/pages\/2393\/revisions"}],"predecessor-version":[{"id":2709,"href":"https:\/\/santamonica.lv\/sv\/wp-json\/wp\/v2\/pages\/2393\/revisions\/2709"}],"wp:attachment":[{"href":"https:\/\/santamonica.lv\/sv\/wp-json\/wp\/v2\/media?parent=2393"}],"curies":[{"name":"wp","href":"https:\/\/api.w.org\/{rel}","templated":true}]}}